{"id":26,"date":"2022-11-01T14:18:11","date_gmt":"2022-11-01T13:18:11","guid":{"rendered":"https:\/\/localhost\/kvf\/?page_id=26"},"modified":"2026-02-21T13:12:31","modified_gmt":"2026-02-21T12:12:31","slug":"hofstaat","status":"publish","type":"page","link":"https:\/\/fasenickl.de\/?page_id=26","title":{"rendered":"Hofstaat"},"content":{"rendered":"<p>Der Hofstaat begleitet unsere Garden immer bei Ihren Auftritten und steht ihr treu an der Seite.&nbsp;<\/p>\n<p>Auftritte unserer Garden k\u00f6nnen \u00fcber u.g. Kontaktpersonen (J\u00fcrgen \/ Sebastian) bzw. \u00fcber <a href=\"mailto:auftritte@fasenickl.de\">auftritte@fasenickl.de<\/a> f\u00fcr die Faschingssaison 2027 angefragt werden.<\/p>\n<p>Aktueller Hofstaat der Faschingssaison 2026:<\/p>\nngg_shortcode_0_placeholder\n<p style=\"text-align: center;\"><strong>Kontakt<\/strong><\/p>\n<figure class=\"wp-block-table\" style=\"width: 70%;\">\n<table class=\"has-fixed-layout\" align=\"center\">\n<tbody>\n<tr>\n<td style=\"text-align: center;\"><a href=\"https:\/\/fasenickl.de\/?page_id=736\">Hofmarschall<\/a><\/td>\n<td style=\"text-align: center;\"><a href=\"https:\/\/fasenickl.de\/?page_id=728\">Pr\u00e4sident<\/a><\/td>\n<\/tr>\n<tr>\n<td><a href=\"https:\/\/fasenickl.de\/?page_id=736\"><img decoding=\"async\" class=\"wp-image-1\" src=\"https:\/\/fasenickl.de\/wp-content\/uploads\/2022\/12\/Juergen.png\" alt=\"Juergen\"><\/a><\/td>\n<td><a href=\"https:\/\/fasenickl.de\/?page_id=728\"><img decoding=\"async\" class=\"wp-image-2\" src=\"https:\/\/fasenickl.de\/wp-content\/uploads\/2022\/12\/Brummi.png\" alt=\"Brummi\"><\/a><\/td>\n<\/tr>\n<tr>\n<td style=\"text-align: center;\"><a href=\"https:\/\/fasenickl.de\/?page_id=736\">J\u00fcrgen K\u00f6ppel<\/a><\/td>\n<td style=\"text-align: center;\"><a href=\"https:\/\/fasenickl.de\/?page_id=728\">Sebastian M\u00fcnchsmeier<\/a><\/td>\n<\/tr>\n<\/tbody>\n<\/table>\n<\/figure>\n<figure class=\"wp-block-table\" style=\"width: 35%;\"><\/figure>\n<p style=\"text-align: center;\">&nbsp;<\/p>\n<p>Hier findest du eine \u00dcbersicht der einzelnen Garden f\u00fcr die aktuelle Faschingssaison:<\/p>\n<figure class=\"wp-block-table\"><\/figure>\n<figure class=\"wp-block-table\">\n<table class=\"has-fixed-layout\">\n<tbody>\n<tr>\n<td><a href=\"https:\/\/fasenickl.de?page_id=392\" data-wplink-url-error=\"true\"><img decoding=\"async\" src=\"https:\/\/fasenickl.de\/wp-content\/uploads\/2022\/11\/PXL_20221113_105553043-scaled.jpg\"><\/a><\/td>\n<td><a href=\"https:\/\/fasenickl.de\/?page_id=395\" data-wplink-url-error=\"true\"><img decoding=\"async\" src=\"https:\/\/fasenickl.de\/wp-content\/uploads\/2025\/01\/IMG_20250106_141945-scaled.jpg\"><\/a><\/td>\n<td><a href=\"https:\/\/fasenickl.de?page_id=397\" data-wplink-url-error=\"true\"><img loading=\"lazy\" decoding=\"async\" class=\"alignnone\" src=\"https:\/\/fasenickl.de\/wp-content\/uploads\/2025\/01\/IMG_20250106_142306-scaled.jpg\" alt=\"\" width=\"2560\" height=\"1922\"><\/a><\/td>\n<\/tr>\n<tr>\n<td><a href=\"https:\/\/fasenickl.de\/?page_id=392\" data-wplink-url-error=\"true\">Garde<\/a><\/td>\n<td><a href=\"https:\/\/fasenickl.de?page_id=395\" data-wplink-url-error=\"true\">Jugendgarde<\/a><\/td>\n<td><a href=\"https:\/\/fasenickl.de?page_id=397\" data-wplink-url-error=\"true\">Kindergarde<\/a><\/td>\n<\/tr>\n<\/tbody>\n<\/table>\n<\/figure>\n<p>&nbsp;<\/p>\n<p>&nbsp;<\/p>\n\n<\/p>\n<p><\/p><!-- \/wp:post-content -->","protected":false},"excerpt":{"rendered":"<p>Der Hofstaat begleitet unsere Garden immer bei Ihren Auftritten und steht ihr treu an der Seite.&nbsp; Auftritte unserer Garden k\u00f6nnen \u00fcber u.g. Kontaktpersonen (J\u00fcrgen \/ Sebastian) bzw. \u00fcber auftritte@fasenickl.de f\u00fcr die Faschingssaison 2027 angefragt werden. Aktueller Hofstaat der Faschingssaison 2026: <span class=\"readmore\"><a href=\"https:\/\/fasenickl.de\/?page_id=26\">Weiterlesen &#8230;<\/a><\/span><\/p>\n","protected":false},"author":1,"featured_media":269,"parent":0,"menu_order":2,"comment_status":"closed","ping_status":"closed","template":"","meta":{"ngg_post_thumbnail":0,"footnotes":"","_links_to":"","_links_to_target":""},"class_list":["post-26","page","type-page","status-publish","has-post-thumbnail","hentry"],"_links":{"self":[{"href":"https:\/\/fasenickl.de\/index.php?rest_route=\/wp\/v2\/pages\/26","targetHints":{"allow":["GET"]}}],"collection":[{"href":"https:\/\/fasenickl.de\/index.php?rest_route=\/wp\/v2\/pages"}],"about":[{"href":"https:\/\/fasenickl.de\/index.php?rest_route=\/wp\/v2\/types\/page"}],"author":[{"embeddable":true,"href":"https:\/\/fasenickl.de\/index.php?rest_route=\/wp\/v2\/users\/1"}],"replies":[{"embeddable":true,"href":"https:\/\/fasenickl.de\/index.php?rest_route=%2Fwp%2Fv2%2Fcomments&post=26"}],"version-history":[{"count":50,"href":"https:\/\/fasenickl.de\/index.php?rest_route=\/wp\/v2\/pages\/26\/revisions"}],"predecessor-version":[{"id":2396,"href":"https:\/\/fasenickl.de\/index.php?rest_route=\/wp\/v2\/pages\/26\/revisions\/2396"}],"wp:featuredmedia":[{"embeddable":true,"href":"https:\/\/fasenickl.de\/index.php?rest_route=\/wp\/v2\/media\/269"}],"wp:attachment":[{"href":"https:\/\/fasenickl.de\/index.php?rest_route=%2Fwp%2Fv2%2Fmedia&parent=26"}],"curies":[{"name":"wp","href":"https:\/\/api.w.org\/{rel}","templated":true}]}}