{"id":28,"date":"2022-11-01T14:19:12","date_gmt":"2022-11-01T13:19:12","guid":{"rendered":"https:\/\/localhost\/kvf\/?page_id=28"},"modified":"2026-02-21T13:02:24","modified_gmt":"2026-02-21T12:02:24","slug":"fasenickl","status":"publish","type":"page","link":"https:\/\/fasenickl.de\/?page_id=28","title":{"rendered":"Fasenickl"},"content":{"rendered":"\n<p>Jeder Auftritt der Garde wird gr\u00f6\u00dftenteils begleitet vom Fasenickl. Er er\u00f6ffnet meist die Auftritte des Hofstaates immer zu Walzerkl\u00e4ngen.<\/p>\n\n\n\n<p>Auch auf Faschingsumz\u00fcgen in der n\u00e4heren, aber auch auf Narrenspr\u00fcngen in der Ferne ist er vertreten. Der Fasenickl als solcher ist nie ein Einzelg\u00e4nger, sondern entfaltet sich erst in der Gruppe. Wie man nachfolgend auf den Bildern sehen kann unterscheiden sich die Fasenicklkost\u00fcme hierbei individuell lediglich in der Gestaltung der Maske, der Farbe der Wollborte, des Spiegelstoffes\/Samt und dem R\u00fcckenemblem. <\/p>\n\n\n\n<p>Mehr Informationen zur Geschichte des Fasenickls und zu den \u00d6ffnungszeiten des Museums findet man <a href=\"https:\/\/fasenickl.de\/?page_id=1396\"><strong>hier<\/strong><\/a>.<\/p>\n\n\n\n<p class=\"has-text-align-center\"><span class=\"has-text-align-center\" style=\"text-align: center\"><em>(Klicke auf das Bild um es zu vergr\u00f6\u00dfern bzw. um in die Bildergalerie zum Weiterklicken zu gelangen)<\/em><\/span><\/p>\n\n\n\nngg_shortcode_0_placeholder\n\n\n\n<p><\/p>\n\n\n\n<p><\/p>\n\n\n\n<p><\/p>\n\n\n\n<p><h3 style=\"text-align: center;\"><strong>Kontakt<\/strong><\/h3><\/p>\n\n\n<figure class=\"wp-block-table\" style=\"width: 35%;\">\n<table>\n<tbody>\n<tr>\n<td style=\"text-align: center;\"><a href=\"https:\/\/fasenickl.de\/?page_id=709\">Oberfasenickl<\/a><\/td>\n<\/tr>\n<tr>\n<td><a href=\"https:\/\/fasenickl.de\/?page_id=709\"><img decoding=\"async\" src=\"https:\/\/fasenickl.de\/wp-content\/uploads\/2022\/12\/Brucki.png\" alt=\"Brucki\"><\/a><\/td>\n<\/tr>\n<tr>\n<td style=\"text-align: center;\"><a href=\"https:\/\/fasenickl.de\/?page_id=709\">Lukas Bruckschl\u00f6gl<\/a><\/td>\n<\/tr>\n<\/tbody>\n<\/table>\n<\/figure>","protected":false},"excerpt":{"rendered":"<p>Jeder Auftritt der Garde wird gr\u00f6\u00dftenteils begleitet vom Fasenickl. Er er\u00f6ffnet meist die Auftritte des Hofstaates immer zu Walzerkl\u00e4ngen. Auch auf Faschingsumz\u00fcgen in der n\u00e4heren, aber auch auf Narrenspr\u00fcngen in der Ferne ist er vertreten. Der Fasenickl als solcher ist <span class=\"readmore\"><a href=\"https:\/\/fasenickl.de\/?page_id=28\">Weiterlesen &#8230;<\/a><\/span><\/p>\n","protected":false},"author":1,"featured_media":2391,"parent":0,"menu_order":1,"comment_status":"closed","ping_status":"closed","template":"","meta":{"ngg_post_thumbnail":0,"footnotes":"","_links_to":"","_links_to_target":""},"class_list":["post-28","page","type-page","status-publish","has-post-thumbnail","hentry"],"_links":{"self":[{"href":"https:\/\/fasenickl.de\/index.php?rest_route=\/wp\/v2\/pages\/28","targetHints":{"allow":["GET"]}}],"collection":[{"href":"https:\/\/fasenickl.de\/index.php?rest_route=\/wp\/v2\/pages"}],"about":[{"href":"https:\/\/fasenickl.de\/index.php?rest_route=\/wp\/v2\/types\/page"}],"author":[{"embeddable":true,"href":"https:\/\/fasenickl.de\/index.php?rest_route=\/wp\/v2\/users\/1"}],"replies":[{"embeddable":true,"href":"https:\/\/fasenickl.de\/index.php?rest_route=%2Fwp%2Fv2%2Fcomments&post=28"}],"version-history":[{"count":35,"href":"https:\/\/fasenickl.de\/index.php?rest_route=\/wp\/v2\/pages\/28\/revisions"}],"predecessor-version":[{"id":1406,"href":"https:\/\/fasenickl.de\/index.php?rest_route=\/wp\/v2\/pages\/28\/revisions\/1406"}],"wp:featuredmedia":[{"embeddable":true,"href":"https:\/\/fasenickl.de\/index.php?rest_route=\/wp\/v2\/media\/2391"}],"wp:attachment":[{"href":"https:\/\/fasenickl.de\/index.php?rest_route=%2Fwp%2Fv2%2Fmedia&parent=28"}],"curies":[{"name":"wp","href":"https:\/\/api.w.org\/{rel}","templated":true}]}}